{"id":39,"date":"2019-10-21T17:28:08","date_gmt":"2019-10-21T15:28:08","guid":{"rendered":"https:\/\/cef.ecbru.be\/?page_id=39"},"modified":"2026-04-28T11:09:30","modified_gmt":"2026-04-28T09:09:30","slug":"traversees","status":"publish","type":"page","link":"https:\/\/www.centrefunambule.eu\/en\/traversees\/","title":{"rendered":"performances"},"content":{"rendered":"<h2>\n\t\t\tperformances\t<\/h2>\n\t\t\t\t<img decoding=\"async\" src=\"https:\/\/www.centrefunambule.eu\/wp-content\/uploads\/2023\/09\/JPG_162.jpg\" alt=\"JPG_162\" itemprop=\"image\" height=\"1474\" width=\"2210\" title=\"JPG_162\" onerror=\"this.style.display='none'\" loading=\"lazy\" \/>\n\t\t<h2>Travers\u00e9es \u00e0 Bruxelles<\/h2><p>Le Centre Europ\u00e9en de Funambulisme organise r\u00e8guli\u00e8rement des travers\u00e9es de plans d&rsquo;eau (le Canal de Bruxelles, place Sainctelette, Le Ch\u00e2teau de Beloeil, le Parc de Bruxelles&#8230;). Ces travers\u00e9es sont accessibles \u00e0 toute personne ayant suivi une formation de funambulisme avec nos \u00e9quipes de formateur\u00b7ices certifi\u00e9\u00b7es.<\/p>\n<p>&nbsp;<\/p>\n<p><strong>Prochaine travers\u00e9e : <\/strong>\u00e0 venir&#8230;<\/p>\n<p>&nbsp;<\/p>\n<p><em>Photo \u00a9<\/em> <em>Delphine Seminckx<\/em><\/p>\n\t\t<h2>Performances sur mesure<\/h2><p>Programmateurs, entreprises ? Habillez vos \u00e9v\u00e9nements de funambulisme !<\/p>\n<p>Nous proposons des performances sur mesure : travers\u00e9e, festival, f\u00eate d&rsquo;entreprise&#8230; Nous imaginons avec vous des performances uniques pour tous les publics.<\/p>\n<p>Pour toute demande, contactez-nous \u00e0 : <a href=\"mailto:info@centrefunambule.eu\">\u00a0info@centrefunambule.eu.<\/a><\/p>\n<p>&nbsp;<\/p>\n<p><em>Photo \u00a9 MeltingProd &#8211; Accenture, \u00ab\u00a0Promenade to the future\u00a0\u00bb, 2022 <\/em><\/p>\n<p><em>Artistes : Ronja Breuk &amp; Klara Sk\u00f6ldulf-Philipp<\/em><\/p>\n\t\t\t\t<img decoding=\"async\" src=\"https:\/\/www.centrefunambule.eu\/wp-content\/uploads\/2023\/03\/20220531TL_MeltingProd-Accenture_233-scaled.jpg\" alt=\"\u00a9 MeltingProd\" itemprop=\"image\" height=\"1707\" width=\"2560\" title=\"20220531TL_MeltingProd-Accenture_233\" onerror=\"this.style.display='none'\" loading=\"lazy\" \/>\n\t\t\t\t<img decoding=\"async\" src=\"https:\/\/www.centrefunambule.eu\/wp-content\/uploads\/2026\/04\/IMG_1002-scaled.jpeg\" alt=\"IMG_1002\" itemprop=\"image\" height=\"1658\" width=\"2560\" title=\"IMG_1002\" onerror=\"this.style.display='none'\" loading=\"lazy\" \/>\n\t\t<h2>Team buildings<\/h2><p>Envie de cr\u00e9er un moment convivial et cr\u00e9atif avec vos coll\u00e8gues? <\/p>\n<p>Organiser un team building avec le Centre europ\u00e9en de funambulisme est une activit\u00e9 originale parfaite pour vivre une aventure en \u00e9quipe, cr\u00e9er des souvenirs communs, l\u00e2cher prise et prendre de la hauteur !<\/p>\n<p>Nous proposons des formules sur mesure en fonction de vos besoins. N&rsquo;h\u00e9sitez pas \u00e0 consulter notre <a href=\"https:\/\/www.centrefunambule.eu\/wp-content\/uploads\/2026\/04\/team-bulding-funWEB-.pdf\">brochure<\/a> et nous contacter \u00e0\u00a0<a href=\"mailto:info@centrefunambule.eu\">info@centrefunambule.eu<\/a> pour nous parler de vos envies en d\u00e9tails.<\/p>\n\t\t<h2>R\u00e9sidences artistiques<\/h2><p>Artistes funambules, vous souhaitez venir vous installer sur nos fils pour m\u00fbrir une cr\u00e9ation artistique en cours ou \u00e0 venir?<\/p>\n<p>Nous accueillons r\u00e9guli\u00e8rement des r\u00e9sidences dans un cadre d&rsquo;\u00e9change non financier en contrepartie d&rsquo;actions artistiques et p\u00e9dagogiques offertes.<\/p>\n<p>Int\u00e9r\u00e9ss\u00e9.e ? Contactez-nous \u00e0 : <a href=\"mailto:info@centrefunambule.eu\">\u00a0info@centrefunambule.eu.<\/a><\/p>\n<p>&nbsp;<\/p>\n<p><em>Photo \u00a9 Camila Luna Lopez, Ecole de cirque de Bruxelles, 2026<\/em><\/p>\n<p><em>Artistes : Hanna Moisala et Sanja Kosonen\u00a0<\/em><\/p>\n\t\t\t\t<img decoding=\"async\" src=\"https:\/\/www.centrefunambule.eu\/wp-content\/uploads\/2026\/03\/03-scaled.jpg\" alt=\"default\" itemprop=\"image\" height=\"1440\" width=\"2560\" title=\"default\" onerror=\"this.style.display='none'\" loading=\"lazy\" \/>\n<h2>\n\t\t\tLes funambules au parc du Chatelet &#8211; Habay-La-Neuve, 28 septembre 2025\t<\/h2>\n\t<p>Ils sont arriv\u00e9s comme le vent, l\u00e9gers et silencieux, tels des oiseaux en route vers le sud, port\u00e9s par un instinct ancien et une soif d&rsquo;\u00e9l\u00e9vation. Ils ont trouv\u00e9 refuge dans le parc du Ch\u00e2telet, \u00e0 Habay-La-Neuve, un \u00e9crin de verdure o\u00f9 le temps s&rsquo;\u00e9tire, o\u00f9 l&rsquo;eau du lac murmure \u00e0 l&rsquo;oreille des arbres. L\u00e0, dix funambules du Centre Europ\u00e9en de Funambulisme ont tendu leurs fils, deux fragiles lignes d&rsquo;horizon mont\u00e9es entre ciel et terre \u00e0 2 m et 4 m de haut.<\/p>\n<p>Le temps d&rsquo;une soir\u00e9e, en cl\u00f4ture de la F\u00eate du Parc naturel, ils ont dans\u00e9 en avant des eaux de l&rsquo;\u00e9tang. Sur les m\u00e9lodies du Carnaval des Animaux de Saint-Sa\u00ebns, en solo, en duo ou \u00e0 plusieurs, ils ont jou\u00e9 \u00e9quilibres et vertiges, parfois\u00a0enflamm\u00e9s.<\/p>\n<p>Leurs pas racontaient une histoire, leurs gestes \u00e9pousaient le souffle du vent, port\u00e9s par les musiques qui chantaient la nature, ses silences, ses \u00e9lans, sa douce magie. Un instant suspendu, une travers\u00e9e po\u00e9tique au bord du monde, en cl\u00f4ture de la F\u00eate du Parc du Chatelet.<\/p>\n<p><!-- notionvc: a74d9238-56f3-40bd-8512-df629978f207 --><\/p>\n\t\t\t\t<img decoding=\"async\" src=\"https:\/\/www.centrefunambule.eu\/wp-content\/plugins\/bb-plugin\/img\/pixel.png\" alt=\"\" itemprop=\"image\" onerror=\"this.style.display='none'\" loading=\"lazy\" \/>\n<h2>\n\t\t\tLa Grande Travers\u00e9e &#8211; Bruxelles, 21 &#038; 22 septembre 2024\t<\/h2>\n\t<p>En 2024, le Centre Europ\u00e9en de Funambulisme et l&rsquo;\u00c9cole de Cirque de Bruxelles ont relev\u00e9 le d\u00e9fi de MolenFest. Avant-go\u00fbt de la candidature de Molenbeek au titre de Capitale Europ\u00e9enne de la Culture en 2030, le festival port\u00e9 par Molenbeek for Brussels 2030 et Kanal &#8211; Centre Pompidou a \u00e9t\u00e9 l&rsquo;occasion d&rsquo;une travers\u00e9e exceptionnelle !<\/p>\n<p>Les 21 et 22 septembre, les rives du Canal de Bruxelles, \u00e0 hauteur du Petit Ch\u00e2teau, ont \u00e9t\u00e9 m\u00e9tamorphos\u00e9es. Une quarantaine de funambules de toute l&rsquo;Europe s&rsquo;y sont r\u00e9unis pour deux performances hors normes : la Balade Nocturne Funambule le 21 septembre, et la Grande Travers\u00e9e le 22.<\/p>\n<p>Sur une installation in\u00e9dite de 4 fils \u00e0 8 et 12 m\u00e8tres au-dessus de l&rsquo;eau, imagin\u00e9e par Vincent Wauters et Bruno Frenette, les artistes du Centre Europ\u00e9en de Funambulisme ont d\u00e9ambul\u00e9 dans une parade magique, entre jeux autour du feu et chor\u00e9graphies synchronis\u00e9es.<\/p>\n<p>Ce spectacle est un projet de l&rsquo;\u00c9cole de Cirque de Bruxelles et du Centre Europ\u00e9en de Funambulisme, co-produit par Kanal &#8211; Centre Pompidou et soutenu par Bruxelles Mobilit\u00e9s.<\/p>\n<p>Merci aux b\u00e9n\u00e9voles et aux \u00e9quipes qui ont soutenu cette id\u00e9e folle et ont particip\u00e9 \u00e0 la concr\u00e9tiser.<\/p>\n<p>\u00a9 Aude Vanlethem<\/p>\n\t\t\t\t<img decoding=\"async\" src=\"https:\/\/www.centrefunambule.eu\/wp-content\/plugins\/bb-plugin\/img\/pixel.png\" alt=\"\" itemprop=\"image\" onerror=\"this.style.display='none'\" loading=\"lazy\" \/>\n\t<p><a href=\"https:\/\/www.youtube.com\/watch?v=XWW-ZI-VHPA\">Revivez la Balade Nocturne Funambule ici<\/a><\/p>\n\t\t\t\t<img decoding=\"async\" src=\"https:\/\/www.centrefunambule.eu\/wp-content\/uploads\/2025\/01\/Miniature-YT.png\" alt=\"Miniature YT\" itemprop=\"image\" height=\"1888\" width=\"3356\" title=\"Miniature YT\" onerror=\"this.style.display='none'\" loading=\"lazy\" \/>\n<h2>\n\t\t\tTravers\u00e9e du Vismet, 2024<br \/>\t<\/h2>\n\t<p>Ce n&rsquo;est pas un poisson d&rsquo;avril, le Centre Europ\u00e9en de Funambulisme a inaugur\u00e9 le 1er avril 2024 avec beaucoup d&rsquo;humour le bassin du Vismet, affubl\u00e9 jusqu&rsquo;en septembre 2024 de 5 canards g\u00e9ants ! Sacr\u00e9e performance !<\/p>\nCette initiative ludique vise \u00e0 valoriser un quartier commer\u00e7ant Saint-Catherine, tout en respectant la qui\u00e9tude des riverains du quartier .<br \/>\nD&rsquo;autres animations familiales seront propos\u00e9es par la@Ville de Bruxelles chaque premier dimanche du mois, de 14h \u00e0 18h.\n<h2>\n\t\t\tLifeLine &#8211; Galway, 16 juillet 2022\t<\/h2>\n\t<p>Port\u00e9 par Galway Community Circus, le projet LifeLine utilise le funambulisme comme une pratique visant \u00e0 am\u00e9liorer le bien-\u00eatre.\u00a0<\/p>\n<p>Plus grand spectacle funambule d&rsquo;Europe, LifeLine a r\u00e9uni 150 personnes de tous \u00e2ges et de tous horizons sur 7 fils tendus au-dessus du Corrib et du bassin Claddagh \u00e0 Galway, Irlande.\u00a0Parmi eux, le groupe de funambules belges,\u00a0\u00e9l\u00e8ves \u00e0 l&rsquo;Ecole de Cirque de\u00a0Bruxelles et au Centre Europ\u00e9en de Funambulisme.<\/p>\n<p>42 jeunes Europ\u00e9ens ont relev\u00e9 le d\u00e9fi, offrant une d\u00e9monstration unique de r\u00e9silience et de force. \u00c0 leurs c\u00f4t\u00e9s, Oliver Zimmerman, Andrea Loreni et Ellis Grover, trois artistes funambules professionnels se sont produits sur les fils pour cette journ\u00e9e exceptionnelle.<\/p>\n\t<p>Performances pr\u00e9sent\u00e9es par les \u00e9coles de cirque Cirkus Cirk\u00f6r (SE), CIRQUEON (CZ), Coraggio &#8211; Die Kulturanstifter (DE), Circus Amersfoort (NL), \u0218coala de Circ (RO), Ecole de Cirque de Bruxelles (BE), Dublin Circus Project, Circus Factory Cork, Cloughjordan Circus Club et Galway Community Circus.<\/p>\n<p>Avec Michael Chang (direction musicale)\u00a0et Ella Daly (conception des costumes).<\/p>\n<p>LifeLine est produit et pr\u00e9sent\u00e9 par Galway Community Circus en partenariat avec le Centre Europ\u00e9en de Funambulisme, et financ\u00e9 par le Arts Council Ireland Open Call Award, Creative Europe, Erasmus+, Mental Health Ireland, Finnish Institute UK &amp; Ireland et le Galway City and County Councils.<\/p>\n<p><a href=\"https:\/\/youtu.be\/KsViEiEuBbM\">Revivez cette incroyable aventure en vid\u00e9o !<\/a><\/p>\n<p>LifeLine a fait partie du <a href=\"https:\/\/www.giaf.ie\/festival\/event\/lifeline-bassalto\">Galway International Arts Festival 2022<\/a>.<\/p>\n\t<p>Plus d&rsquo;informations \u00e0 propos de LifeLine sur\u00a0<a href=\"https:\/\/www.galwaycommunitycircus.com\">Galway Community Circus<\/a>.<\/p>\n\t\t\t\t<img decoding=\"async\" src=\"https:\/\/www.centrefunambule.eu\/wp-content\/uploads\/2022\/08\/Lifeline-drone-01.jpg\" alt=\"\u00a9 Emilija Jefremova\" itemprop=\"image\" height=\"1536\" width=\"2048\" title=\"default\" onerror=\"this.style.display='none'\" loading=\"lazy\" \/>\n\t\t\t\t\t\t\u00a9 Emilija Jefremova\n<h2>\n\t\t\tRassemblement funambule &#8211; 10 ans du CEF &#8211; juin 2021\t<\/h2>\n\t<p>Du 24 au 27 juin 2021, l&rsquo;Ecole de Cirque de Bruxelles a c\u00e9l\u00e9br\u00e9 ses 40 ann\u00e9es d&rsquo;existence. Le Centre Europ\u00e9en de Funambulisme s&rsquo;est invit\u00e9 \u00e0 la f\u00eate pour c\u00e9l\u00e9brer ses 10 ans.<\/p>\n<p>Au programme, des travers\u00e9es funambules dans la Gare Maritime \u00e0 4 et 5 m\u00e8tres de haut sous les yeux de spectateur\u00b7ices \u00e9bahi\u00b7es, et un rassemblement de funambules pour \u00e9changer et retrouver le fil \u00e0 diff\u00e9rentes hauteurs.<\/p>\n<p>Pendant quatre jours des c\u00e2bles ont \u00e9t\u00e9 install\u00e9es dans la\u00a0Gare Maritime, le lieu de naissance de notre grande aventure de jeux d&rsquo;\u00e9quilibre. Les funambules ont pu s&rsquo;y retrouver pour marcher \u00e0 la hauteur de leur choix, de 30cm \u00e0 5m.<\/p>\n<p>Le soir, les artistes \u00e9voluaient dans les airs \u00e0 5m de haut dans le cadre d&rsquo;une exposition vivante guid\u00e9e. Le public a pu admirer les funambules marcher au dessus des fil-de-f\u00e9ristes, trap\u00e9zistes et artistes a\u00e9riens.<\/p>\n<p>L&rsquo;ensemble de l&rsquo;espace \u00e9tait coordonn\u00e9 par Bruno Frenette, homme orchestre du funambulisme, formateur, coordinateur p\u00e9dagogique, monteur, concepteur au Centre Europ\u00e9en de Funambulisme.<\/p>\n<h2>\n\t\t\tPremi\u00e8re travers\u00e9e de FunLine &#8211; avril 2021\t<\/h2>\n\t<p>En collaboration avec le syndicat CSC, une travers\u00e9e \u00e0 th\u00e8me a \u00e9t\u00e9 imagin\u00e9e le 28 avril 2021. Quatre funambules du Centre Europ\u00e9en de Funambulisme se sont essay\u00e9\u00b7es \u00e0 un nouvel exercice : une travers\u00e9e de FunLine. Une premi\u00e8re pour cette invention belge !<\/p>\n<p>Les artistes avaient rev\u00eatu des habits de travailleur\u00b7euses pour illustrer les d\u00e9s\u00e9quilibres rencontr\u00e9s dans le cadre professionnel.<\/p>\n<p>Evoluant sur une sangle de slackline, cherchant l&rsquo;\u00e9quilibre \u00e0 l&rsquo;aide d&rsquo;un balancier, ils\u00b7elles se sont relay\u00e9\u00b7es pendant une heure, encha\u00eenant poses et figures au-dessus du petit bassin place Sainte Catherine.<\/p>\n<p>Un premier pas au-dessus des eaux r\u00e9ussi pour le FunLine !<\/p>\n<h2  id=\"mascarade\">\n\t\t\t\u00ab\u00a0Mascarade\u00a0\u00bb : tourn\u00e9e funambule estivale dans Bruxelles &#8211; \u00c9t\u00e9 2020\t<\/h2>\n\t<p>Suite \u00e0 la crise sanitaire que nous avons affront\u00e9e, nos funambules ont d\u00e9cid\u00e9 de sillonner la ville pour lui redonner un souffle artistique.<\/p>\n<p>Trois travers\u00e9es, au-dessus de diff\u00e9rents plans d&rsquo;eaux de Bruxelles, ont \u00e9t\u00e9 organis\u00e9es tout au long de l&rsquo;\u00e9t\u00e9.<\/p>\n<p><a href=\"https:\/\/www.centrefunambule.eu\/en\/galerie\/#mascarade\">Revivez cette incroyable aventure par ici !<\/a><\/p>\n\t<h4>Travers\u00e9e des Etangs d&rsquo;Ixelles<br \/>\n4 juillet 2020<\/h4>\n<p>La commune d&rsquo;Ixelles souhaitait organiser un \u00e9v\u00e9nement participatif, original et festif.<\/p>\n<p>Nos funambules ont \u00e9volu\u00e9 tour \u00e0 tour pendant quatre heures sur un fil de 50m \u00e0 2m au-dessus des eaux.<\/p>\n<p>Les passant\u00b7es ont pu admirer une vingtaine d&rsquo;artistes masqu\u00e9\u00b7es et costum\u00e9\u00b7es, en musique, de 14h \u00e0 18h.<\/p>\n\t<h4>Travers\u00e9e du Vismet, place Sainte-Catherine<br \/>\n8 ao\u00fbt 2020<\/h4>\n<p>Nos funambules sont revenu\u00b7es marcher au-dessus de l&rsquo;eau pendant quatre heures.<\/p>\n<p>Les chanceux\u00b7euses qui \u00e9taient de passage ce jour-l\u00e0 ont pu apercevoir une quinzaine d&rsquo;artistes encha\u00eener les performances, en solo, en duo et en groupes.<\/p>\n<p>Un hommage a \u00e9t\u00e9 rendu au corps m\u00e9dical : v\u00eatu\u00b7es d&rsquo;habits de soignant\u00b7es, nos funambules se sont r\u00e9uni\u00b7es pour une travers\u00e9e collective, en signe de soutien et de reconnaissance.<\/p>\n\t<h4>Travers\u00e9e du Canal, pont Sainctelette<br \/>\n20 septembre 2020<\/h4>\n<p>Notre tourn\u00e9e estivale s&rsquo;est achev\u00e9e ici, avec notre traditionnelle travers\u00e9e du canal le long du pont Sainctelette !<\/p>\n<p>Les passant\u00b7es qui profitaient alors de la journ\u00e9e sans voiture ont pu admirer les funambules marcher sur un c\u00e2ble de 42m de long et 9m de haut.<\/p>\n<p>Toujours costum\u00e9\u00b7es et masqu\u00e9\u00b7es, nos artistes se sont r\u00e9uni\u00b7es pour la derni\u00e8re fois de la saison, marquant l&rsquo;apog\u00e9e d&rsquo;un \u00e9t\u00e9 funambule haut en couleurs.<\/p>\n<h2>\n\t\t\tTravers\u00e9es du Canal\t<\/h2>\n\t<h4>Travers\u00e9es traditionnelles<\/h4>\n<p>La travers\u00e9e du canal de Bruxelles le long du Pont Sainctelette est LE rendez-vous des funambules dans la capitale de la Culture. Un c\u00e2ble de 42m de long et 9m de haut est tendu le long du Pont Sainctelette, et les marcheur\u00b7euses s&rsquo;en donnent \u00e0 c\u0153ur joie le temps d&rsquo;une journ\u00e9e ou d&rsquo;un week-end.<\/p>\n<p>Depuis la cr\u00e9ation du Centre Europ\u00e9en de Funambulisme, c&rsquo;est \u00e0 cette travers\u00e9e que les cours et les stages pr\u00e9parent les funambules. Chaque ann\u00e9e depuis 10 ans, artistes amateur\u00b7es et professionnel\u00b7les, d\u00e9butant\u00b7es et confirm\u00e9\u00b7es, se donnent rendez-vous au moins deux fois par an pour cette travers\u00e9e incontournable.<\/p>\n<p>\u00c0 chaque \u00e9dition ils\u00b7elles sont des dizaines \u00e0 s&rsquo;\u00e9lancer au-dessus des eaux, rassemblant toujours plus de nouveaux\u00b7elles amateur\u00b7es sur le fil. En dix ans, le Centre Europ\u00e9en de Funambulisme aura bient\u00f4t men\u00e9 pr\u00e8s de 200 funambules au-dessus des eaux du canal de Bruxelles. Une tradition qui n&rsquo;est pas pr\u00eate de s&rsquo;arr\u00eater.<\/p>\n\t<h4>Variations du Canal<\/h4>\n<p>Parmi des dizaines de travers\u00e9es au-dessus des eaux du canal, quelques unes sortent du lot.<\/p>\n<p>En 2013, le Centre Europ\u00e9en de Funambulisme a particip\u00e9 \u00e0 la F\u00eate du Port organis\u00e9e pour les 20 ans du Port de Bruxelles.<\/p>\n<p>Entre 2013 et 2015, par\u00e9\u00b7es de leur plus beaux costumes, les artistes funambules ont particip\u00e9 au festival Hopl\u00e0 en traversant le canal mais aussi le bassin du Vismet Place Sainte-Catherine sous le regard \u00e9merveill\u00e9 des passant\u00b7es. En 2014, nos funambules en profitaient pour tendre plusieurs fils au-dessus du canal pour battre un Record du Monde.<\/p>\n<p><a href=\"https:\/\/www.centrefunambule.eu\/en\/galerie\/#canal\">D\u00e9couvrez l&rsquo;album photo des travers\u00e9es du Canal.<\/a><\/p>\n<h2>\n\t\t\tCh\u00e2teau de Karreveld : \u00ab M\u00eame pas peur \u00bb\t<\/h2>\n\t<p>Nos artistes funambules ont f\u00eat\u00e9 Halloween de l&rsquo;ann\u00e9e 2017 au-dessus des eaux&#8230; et ils\u00b7elles n&rsquo;ont m\u00eame pas eu peur ! Sorci\u00e8res, squelettes et autres personnages en tout genre se sont relay\u00e9s sur le fil jusqu&rsquo;\u00e0 la nuit tomb\u00e9e. Une belle journ\u00e9e et soir\u00e9e au Ch\u00e2teau de Karreveld, pour les petit\u00b7es et les grand\u00b7es !<\/p>\n<p><a href=\"https:\/\/www.centrefunambule.eu\/en\/galerie\/#karreveld\">Revivez cet \u00e9v\u00e9nement en images<\/a><\/p>\n<h2>\n\t\t\tCh\u00e2teau de Beloeil : musicales 2014 et travers\u00e9e 2013\t<\/h2>\n\t<p>Par deux fois, nos funambules ont eu la chance de poser leurs c\u00e2bles au Ch\u00e2teau de Beloeil. Une premi\u00e8re travers\u00e9e a eu lieu en 2013 dans ce cadre bucolique, tandis que la seconde s&rsquo;est invit\u00e9e au milieu des artistes de cirque et des musicien\u00b7nes pour les Musicales de Beloeil en 2014. Des instants magiques.<\/p>\n<p><a href=\"https:\/\/www.centrefunambule.eu\/en\/galerie\/#beloeil\">D\u00e9couvrez les funambules au Ch\u00e2teau de Bel\u0153il en images<\/a><\/p>\n<h2>\n\t\t\t\u00ab Wires Crossed \u00bb ou \u00ab Fils Crois\u00e9s \u00bb\t<\/h2>\n\t<p>Ce projet imagin\u00e9 par Vincent Wauters (Ecole de Cirque de Bruxelles) et Ulla Hokkane (Galway Community Circus) organise depuis 2017 des formations de funambules avec le p\u00e9dagogue Bruno Frenette \u00e0 travers l&rsquo;Europe.<\/p>\n<p>Un partenariat cr\u00e9\u00e9 par l&rsquo;European Funambulism Network avec les \u00e9coles de cirque, Galway Community Circus (R\u00e9publique d&rsquo;Irlande), Cabuwazi (Berlin), Cirkus Cirkor (Stockholm), Cirqueon (Prague), Zaltimbank (Luxembourg), Serious Road Trip (Roumanie) et l&rsquo;Ecole de Cirque de Bruxelles sert de tremplin au d\u00e9veloppement de ce beau projet.<\/p>\n<p>&nbsp;<\/p>\nL&rsquo;objectif 2020 \u00e9tait de pr\u00e9parer 400 funambules \u00e0 travers l&rsquo;Europe afin de les r\u00e9unir autour d&rsquo;un \u00e9v\u00e9nement : la travers\u00e9e du Corrib en Irlande \u00e0 l&rsquo;occasion de l&rsquo;\u00e9venement Galway, Capitale europ\u00e9enne de la Culture 2020.<br \/>\nMalheureusement, en raison de la crise sanitaire, la travers\u00e9e de Galway s&rsquo;est vue report\u00e9e \u00e0 2022.","protected":false},"excerpt":{"rendered":"<p>performances Travers\u00e9es \u00e0 Bruxelles Le Centre Europ\u00e9en de Funambulisme organise r\u00e8guli\u00e8rement des travers\u00e9es de plans d&rsquo;eau (le Canal de Bruxelles, place Sainctelette, Le Ch\u00e2teau de Beloeil, le Parc de Bruxelles&#8230;). Ces travers\u00e9es sont accessibles \u00e0 toute personne ayant suivi une formation de funambulisme avec nos \u00e9quipes de formateur\u00b7ices certifi\u00e9\u00b7es. &nbsp; Prochaine travers\u00e9e : \u00e0 venir&#8230;&hellip;<\/p>","protected":false},"author":3,"featured_media":0,"parent":0,"menu_order":0,"comment_status":"closed","ping_status":"closed","template":"","meta":{"footnotes":""},"class_list":["post-39","page","type-page","status-publish","hentry"],"_links":{"self":[{"href":"https:\/\/www.centrefunambule.eu\/en\/wp-json\/wp\/v2\/pages\/39","targetHints":{"allow":["GET"]}}],"collection":[{"href":"https:\/\/www.centrefunambule.eu\/en\/wp-json\/wp\/v2\/pages"}],"about":[{"href":"https:\/\/www.centrefunambule.eu\/en\/wp-json\/wp\/v2\/types\/page"}],"author":[{"embeddable":true,"href":"https:\/\/www.centrefunambule.eu\/en\/wp-json\/wp\/v2\/users\/3"}],"replies":[{"embeddable":true,"href":"https:\/\/www.centrefunambule.eu\/en\/wp-json\/wp\/v2\/comments?post=39"}],"version-history":[{"count":72,"href":"https:\/\/www.centrefunambule.eu\/en\/wp-json\/wp\/v2\/pages\/39\/revisions"}],"predecessor-version":[{"id":1171,"href":"https:\/\/www.centrefunambule.eu\/en\/wp-json\/wp\/v2\/pages\/39\/revisions\/1171"}],"wp:attachment":[{"href":"https:\/\/www.centrefunambule.eu\/en\/wp-json\/wp\/v2\/media?parent=39"}],"curies":[{"name":"wp","href":"https:\/\/api.w.org\/{rel}","templated":true}]}}