{"id":387,"date":"2021-03-11T10:14:38","date_gmt":"2021-03-11T09:14:38","guid":{"rendered":"https:\/\/www.centrefunambule.eu\/?page_id=387"},"modified":"2026-03-16T10:42:25","modified_gmt":"2026-03-16T09:42:25","slug":"galerie","status":"publish","type":"page","link":"https:\/\/www.centrefunambule.eu\/en\/galerie\/","title":{"rendered":"galerie"},"content":{"rendered":"<h2>\n\t\t\ten images\t<\/h2>\n<h2>\n\t\t\t\u00a0 \u00a0 \u00a0 \u00a0 \u00a0 \u00a0 \u00a0 \u00a0 \u00a0 \u00a0 \u00a0 \u00a0 \u00a0 \u00a0 \u00a0 \u00a0Le Centre Europ\u00e9en de Funambulisme\t<\/h2>\n\t<p>Curieux\u00b7ses de (re)plonger dans les moments forts du Centre Europ\u00e9en de Funambulisme?<\/p>\n<p>Retrouvez ici les photos &amp; vid\u00e9os les plus marquantes de ces 15 ann\u00e9es de magie !<\/p>\n<h2>\n\t\t\t2010 \u00e0 aujourd&rsquo;hui \u00b7 Un aper\u00e7u de nos cours &#038; stages\t<\/h2>\n<h2  id=\"canal\">\n\t\t\tLes travers\u00e9es du Canal de Bruxelles au pont Sainctelette \u00b7 Depuis 2011\t<\/h2>\n<h2  id=\"mascarade\">\n\t\t\tLa performance Mascarade &#8211; 2020\t<\/h2>\n<h3>\n\t\t\t\u00c9tape 1 &#8211; Ixelles\t<\/h3>\n\t\t<iframe loading=\"lazy\" width=\"560\" height=\"315\" src=\"https:\/\/www.youtube.com\/embed\/FikEorda76c\" frameborder=\"0\" allow=\"accelerometer; autoplay; clipboard-write; encrypted-media; gyroscope; picture-in-picture\" allowfullscreen><\/iframe>\t\n<h2>\n\t\t\t\u00c9tape 2 &#8211; Vismet\t<\/h2>\n\t\t<iframe loading=\"lazy\" width=\"560\" height=\"315\" src=\"https:\/\/www.youtube.com\/embed\/2zMWgjghZe4\" frameborder=\"0\" allow=\"accelerometer; autoplay; clipboard-write; encrypted-media; gyroscope; picture-in-picture\" allowfullscreen><\/iframe>\t\n<h2>\n\t\t\t\u00c9tape 3 &#8211; Canal\t<\/h2>\n\t\t<iframe loading=\"lazy\" width=\"560\" height=\"315\" src=\"https:\/\/www.youtube.com\/embed\/I4A4a--LgBg\" frameborder=\"0\" allow=\"accelerometer; autoplay; clipboard-write; encrypted-media; gyroscope; picture-in-picture\" allowfullscreen><\/iframe>\t\n\t\t<iframe loading=\"lazy\" width=\"560\" height=\"315\" src=\"https:\/\/www.youtube.com\/embed\/t4tK_aanq6w\" frameborder=\"0\" allow=\"accelerometer; autoplay; clipboard-write; encrypted-media; gyroscope; picture-in-picture\" allowfullscreen><\/iframe>\t\n<h2  id=\"karreveld\">\n\t\t\tCh\u00e2teau de Karreveld, Molenbeek &#8211; 2017\t<\/h2>\n<h2>\n\t\t\tRecord du monde, 2015\t<\/h2>\n<h2>\n\t\t\tFestival Hopla! 2014 &#038; 2015\t<\/h2>\n<h2>\n\t\t\tLes 20 ans du Port de Bruxelles &#8211; 2013\t<\/h2>\n<h2  id=\"beloeil\">\n\t\t\tCh\u00e2teau de Bel\u0153il &#8211; 2013\t<\/h2>","protected":false},"excerpt":{"rendered":"<p>en images \u00a0 \u00a0 \u00a0 \u00a0 \u00a0 \u00a0 \u00a0 \u00a0 \u00a0 \u00a0 \u00a0 \u00a0 \u00a0 \u00a0 \u00a0 \u00a0Le Centre Europ\u00e9en de Funambulisme Curieux\u00b7ses de (re)plonger dans les moments forts du Centre Europ\u00e9en de Funambulisme? Retrouvez ici les photos &amp; vid\u00e9os les plus marquantes de ces 15 ann\u00e9es de magie ! 2010 \u00e0 aujourd&rsquo;hui \u00b7 Un&hellip;<\/p>","protected":false},"author":3,"featured_media":0,"parent":0,"menu_order":0,"comment_status":"closed","ping_status":"closed","template":"","meta":{"footnotes":""},"class_list":["post-387","page","type-page","status-publish","hentry"],"_links":{"self":[{"href":"https:\/\/www.centrefunambule.eu\/en\/wp-json\/wp\/v2\/pages\/387","targetHints":{"allow":["GET"]}}],"collection":[{"href":"https:\/\/www.centrefunambule.eu\/en\/wp-json\/wp\/v2\/pages"}],"about":[{"href":"https:\/\/www.centrefunambule.eu\/en\/wp-json\/wp\/v2\/types\/page"}],"author":[{"embeddable":true,"href":"https:\/\/www.centrefunambule.eu\/en\/wp-json\/wp\/v2\/users\/3"}],"replies":[{"embeddable":true,"href":"https:\/\/www.centrefunambule.eu\/en\/wp-json\/wp\/v2\/comments?post=387"}],"version-history":[{"count":15,"href":"https:\/\/www.centrefunambule.eu\/en\/wp-json\/wp\/v2\/pages\/387\/revisions"}],"predecessor-version":[{"id":1150,"href":"https:\/\/www.centrefunambule.eu\/en\/wp-json\/wp\/v2\/pages\/387\/revisions\/1150"}],"wp:attachment":[{"href":"https:\/\/www.centrefunambule.eu\/en\/wp-json\/wp\/v2\/media?parent=387"}],"curies":[{"name":"wp","href":"https:\/\/api.w.org\/{rel}","templated":true}]}}